{"id":877,"date":"2020-01-08T16:15:35","date_gmt":"2020-01-08T16:15:35","guid":{"rendered":"https:\/\/www.laurent-lenfant.com\/photographie\/?page_id=877"},"modified":"2020-01-08T17:14:27","modified_gmt":"2020-01-08T17:14:27","slug":"revolutions-reves-dune-jeunesse","status":"publish","type":"page","link":"https:\/\/www.laurent-lenfant.com\/photographie\/revolutions-reves-dune-jeunesse\/","title":{"rendered":"R\u00c9VOLUTIONS : R\u00eaves d&rsquo;une jeunesse"},"content":{"rendered":"\t\t<div data-elementor-type=\"wp-page\" data-elementor-id=\"877\" class=\"elementor elementor-877\">\n\t\t\t\t\t\t<section class=\"elementor-section elementor-top-section elementor-element elementor-element-5dd9bfb elementor-section-boxed elementor-section-height-default elementor-section-height-default\" data-id=\"5dd9bfb\" data-element_type=\"section\" data-e-type=\"section\">\n\t\t\t\t\t\t<div class=\"elementor-container elementor-column-gap-default\">\n\t\t\t\t\t<div class=\"elementor-column elementor-col-100 elementor-top-column elementor-element elementor-element-891cf31\" data-id=\"891cf31\" data-element_type=\"column\" data-e-type=\"column\">\n\t\t\t<div class=\"elementor-widget-wrap elementor-element-populated\">\n\t\t\t\t\t\t<section class=\"elementor-section elementor-inner-section elementor-element elementor-element-7038bc2 elementor-section-boxed elementor-section-height-default elementor-section-height-default\" data-id=\"7038bc2\" data-element_type=\"section\" data-e-type=\"section\">\n\t\t\t\t\t\t<div class=\"elementor-container elementor-column-gap-default\">\n\t\t\t\t\t<div class=\"elementor-column elementor-col-100 elementor-inner-column elementor-element elementor-element-2d68673\" data-id=\"2d68673\" data-element_type=\"column\" data-e-type=\"column\">\n\t\t\t<div class=\"elementor-widget-wrap elementor-element-populated\">\n\t\t\t\t\t\t<div class=\"elementor-element elementor-element-6915f76 elementor-widget elementor-widget-text-editor\" data-id=\"6915f76\" data-element_type=\"widget\" data-e-type=\"widget\" data-widget_type=\"text-editor.default\">\n\t\t\t\t<div class=\"elementor-widget-container\">\n\t\t\t\t\t\t\t\t\t<p><span style=\"color: #ff6600;\"><em><strong>&gt;&gt; S\u00e9rie r\u00e9alis\u00e9e dans le cadre d&rsquo;une immersion (\u00a0 errance photographique ) au Mont\u00e9n\u00e9gro en 2018<br \/><\/strong><\/em><\/span><\/p>\t\t\t\t\t\t\t\t<\/div>\n\t\t\t\t<\/div>\n\t\t\t\t\t<\/div>\n\t\t<\/div>\n\t\t\t\t\t<\/div>\n\t\t<\/section>\n\t\t\t\t<div class=\"elementor-element elementor-element-34d90c0 elementor-arrows-position-inside elementor-pagination-position-outside elementor-widget elementor-widget-image-carousel\" data-id=\"34d90c0\" data-element_type=\"widget\" data-e-type=\"widget\" data-settings=\"{&quot;navigation&quot;:&quot;both&quot;,&quot;autoplay&quot;:&quot;yes&quot;,&quot;pause_on_hover&quot;:&quot;yes&quot;,&quot;pause_on_interaction&quot;:&quot;yes&quot;,&quot;autoplay_speed&quot;:5000,&quot;infinite&quot;:&quot;yes&quot;,&quot;speed&quot;:500}\" data-widget_type=\"image-carousel.default\">\n\t\t\t\t<div class=\"elementor-widget-container\">\n\t\t\t\t\t\t\t<div class=\"elementor-image-carousel-wrapper swiper\" role=\"region\" aria-roledescription=\"carousel\" aria-label=\"Carrousel d\u2019images\" dir=\"ltr\">\n\t\t\t<div class=\"elementor-image-carousel swiper-wrapper\" aria-live=\"off\">\n\t\t\t\t\t\t\t\t<div class=\"swiper-slide\" role=\"group\" aria-roledescription=\"slide\" aria-label=\"1 sur 28\"><a data-elementor-open-lightbox=\"yes\" data-elementor-lightbox-slideshow=\"34d90c0\" data-elementor-lightbox-title=\"photographe-illustration-collectivites-office-de-tourisme-avignon-vaucluse\" data-e-action-hash=\"#elementor-action%3Aaction%3Dlightbox%26settings%3DeyJpZCI6ODgyLCJ1cmwiOiJodHRwczpcL1wvd3d3LmxhdXJlbnQtbGVuZmFudC5jb21cL3Bob3RvZ3JhcGhpZVwvd3AtY29udGVudFwvdXBsb2Fkc1wvMjAyMFwvMDFcL0VYVFItMDAxLUxhdXJlbnRfTEVORkFOVF9SRVZPTFVUSU9OXzAxLmpwZyIsInNsaWRlc2hvdyI6IjM0ZDkwYzAifQ%3D%3D\" href=\"https:\/\/www.laurent-lenfant.com\/photographie\/wp-content\/uploads\/2020\/01\/EXTR-001-Laurent_LENFANT_REVOLUTION_01.jpg\"><figure class=\"swiper-slide-inner\"><img decoding=\"async\" class=\"swiper-slide-image\" src=\"https:\/\/www.laurent-lenfant.com\/photographie\/wp-content\/uploads\/2020\/01\/EXTR-001-Laurent_LENFANT_REVOLUTION_01-150x150.jpg\" alt=\"photographe-illustration-collectivites-office-de-tourisme-avignon-vaucluse\" \/><\/figure><\/a><\/div><div class=\"swiper-slide\" role=\"group\" aria-roledescription=\"slide\" aria-label=\"2 sur 28\"><a data-elementor-open-lightbox=\"yes\" data-elementor-lightbox-slideshow=\"34d90c0\" data-elementor-lightbox-title=\"photographe-illustration-collectivites-office-de-tourisme-avignon-vaucluse\" data-e-action-hash=\"#elementor-action%3Aaction%3Dlightbox%26settings%3DeyJpZCI6ODgzLCJ1cmwiOiJodHRwczpcL1wvd3d3LmxhdXJlbnQtbGVuZmFudC5jb21cL3Bob3RvZ3JhcGhpZVwvd3AtY29udGVudFwvdXBsb2Fkc1wvMjAyMFwvMDFcL0VYVFItMDAyLUxhdXJlbnRfTEVORkFOVF9SRVZPTFVUSU9OXzAyLmpwZyIsInNsaWRlc2hvdyI6IjM0ZDkwYzAifQ%3D%3D\" href=\"https:\/\/www.laurent-lenfant.com\/photographie\/wp-content\/uploads\/2020\/01\/EXTR-002-Laurent_LENFANT_REVOLUTION_02.jpg\"><figure class=\"swiper-slide-inner\"><img decoding=\"async\" class=\"swiper-slide-image\" src=\"https:\/\/www.laurent-lenfant.com\/photographie\/wp-content\/uploads\/2020\/01\/EXTR-002-Laurent_LENFANT_REVOLUTION_02-150x150.jpg\" alt=\"photographe-illustration-collectivites-office-de-tourisme-avignon-vaucluse\" \/><\/figure><\/a><\/div><div class=\"swiper-slide\" role=\"group\" aria-roledescription=\"slide\" aria-label=\"3 sur 28\"><a data-elementor-open-lightbox=\"yes\" data-elementor-lightbox-slideshow=\"34d90c0\" data-elementor-lightbox-title=\"artiste-photographe-auteur-avignon-vaucluse\" data-e-action-hash=\"#elementor-action%3Aaction%3Dlightbox%26settings%3DeyJpZCI6ODg0LCJ1cmwiOiJodHRwczpcL1wvd3d3LmxhdXJlbnQtbGVuZmFudC5jb21cL3Bob3RvZ3JhcGhpZVwvd3AtY29udGVudFwvdXBsb2Fkc1wvMjAyMFwvMDFcL0VYVFItMDAzLUxhdXJlbnRfTEVORkFOVF9SRVZPTFVUSU9OXzAzLmpwZyIsInNsaWRlc2hvdyI6IjM0ZDkwYzAifQ%3D%3D\" href=\"https:\/\/www.laurent-lenfant.com\/photographie\/wp-content\/uploads\/2020\/01\/EXTR-003-Laurent_LENFANT_REVOLUTION_03.jpg\"><figure class=\"swiper-slide-inner\"><img decoding=\"async\" class=\"swiper-slide-image\" src=\"https:\/\/www.laurent-lenfant.com\/photographie\/wp-content\/uploads\/2020\/01\/EXTR-003-Laurent_LENFANT_REVOLUTION_03-150x150.jpg\" alt=\"artiste-photographe-auteur-avignon-vaucluse\" \/><\/figure><\/a><\/div><div class=\"swiper-slide\" role=\"group\" aria-roledescription=\"slide\" aria-label=\"4 sur 28\"><a data-elementor-open-lightbox=\"yes\" data-elementor-lightbox-slideshow=\"34d90c0\" data-elementor-lightbox-title=\"photographe-portrait-avignon-vaucluse\" data-e-action-hash=\"#elementor-action%3Aaction%3Dlightbox%26settings%3DeyJpZCI6ODg1LCJ1cmwiOiJodHRwczpcL1wvd3d3LmxhdXJlbnQtbGVuZmFudC5jb21cL3Bob3RvZ3JhcGhpZVwvd3AtY29udGVudFwvdXBsb2Fkc1wvMjAyMFwvMDFcL0VYVFItMDA0LUxhdXJlbnRfTEVORkFOVF9SRVZPTFVUSU9OXzA0LmpwZyIsInNsaWRlc2hvdyI6IjM0ZDkwYzAifQ%3D%3D\" href=\"https:\/\/www.laurent-lenfant.com\/photographie\/wp-content\/uploads\/2020\/01\/EXTR-004-Laurent_LENFANT_REVOLUTION_04.jpg\"><figure class=\"swiper-slide-inner\"><img decoding=\"async\" class=\"swiper-slide-image\" src=\"https:\/\/www.laurent-lenfant.com\/photographie\/wp-content\/uploads\/2020\/01\/EXTR-004-Laurent_LENFANT_REVOLUTION_04-150x150.jpg\" alt=\"photographe-portrait-avignon-vaucluse\" \/><\/figure><\/a><\/div><div class=\"swiper-slide\" role=\"group\" aria-roledescription=\"slide\" aria-label=\"5 sur 28\"><a data-elementor-open-lightbox=\"yes\" data-elementor-lightbox-slideshow=\"34d90c0\" data-elementor-lightbox-title=\"artiste-photographe-auteur-avignon-vaucluse\" data-e-action-hash=\"#elementor-action%3Aaction%3Dlightbox%26settings%3DeyJpZCI6ODg2LCJ1cmwiOiJodHRwczpcL1wvd3d3LmxhdXJlbnQtbGVuZmFudC5jb21cL3Bob3RvZ3JhcGhpZVwvd3AtY29udGVudFwvdXBsb2Fkc1wvMjAyMFwvMDFcL0VYVFItMDA1LUxhdXJlbnRfTEVORkFOVF9SRVZPTFVUSU9OXzA1LmpwZyIsInNsaWRlc2hvdyI6IjM0ZDkwYzAifQ%3D%3D\" href=\"https:\/\/www.laurent-lenfant.com\/photographie\/wp-content\/uploads\/2020\/01\/EXTR-005-Laurent_LENFANT_REVOLUTION_05.jpg\"><figure class=\"swiper-slide-inner\"><img decoding=\"async\" class=\"swiper-slide-image\" src=\"https:\/\/www.laurent-lenfant.com\/photographie\/wp-content\/uploads\/2020\/01\/EXTR-005-Laurent_LENFANT_REVOLUTION_05-150x150.jpg\" alt=\"artiste-photographe-auteur-avignon-vaucluse\" \/><\/figure><\/a><\/div><div class=\"swiper-slide\" role=\"group\" aria-roledescription=\"slide\" aria-label=\"6 sur 28\"><a data-elementor-open-lightbox=\"yes\" data-elementor-lightbox-slideshow=\"34d90c0\" data-elementor-lightbox-title=\"photographe-illustration-collectivites-office-de-tourisme-avignon-vaucluse\" data-e-action-hash=\"#elementor-action%3Aaction%3Dlightbox%26settings%3DeyJpZCI6ODg3LCJ1cmwiOiJodHRwczpcL1wvd3d3LmxhdXJlbnQtbGVuZmFudC5jb21cL3Bob3RvZ3JhcGhpZVwvd3AtY29udGVudFwvdXBsb2Fkc1wvMjAyMFwvMDFcL0VYVFItMDA2LUxhdXJlbnRfTEVORkFOVF9SRVZPTFVUSU9OXzA2LmpwZyIsInNsaWRlc2hvdyI6IjM0ZDkwYzAifQ%3D%3D\" href=\"https:\/\/www.laurent-lenfant.com\/photographie\/wp-content\/uploads\/2020\/01\/EXTR-006-Laurent_LENFANT_REVOLUTION_06.jpg\"><figure class=\"swiper-slide-inner\"><img decoding=\"async\" class=\"swiper-slide-image\" src=\"https:\/\/www.laurent-lenfant.com\/photographie\/wp-content\/uploads\/2020\/01\/EXTR-006-Laurent_LENFANT_REVOLUTION_06-150x150.jpg\" alt=\"photographe-illustration-collectivites-office-de-tourisme-avignon-vaucluse\" \/><\/figure><\/a><\/div><div class=\"swiper-slide\" role=\"group\" aria-roledescription=\"slide\" aria-label=\"7 sur 28\"><a data-elementor-open-lightbox=\"yes\" data-elementor-lightbox-slideshow=\"34d90c0\" data-elementor-lightbox-title=\"photographe-portrait-avignon-vaucluse\" data-e-action-hash=\"#elementor-action%3Aaction%3Dlightbox%26settings%3DeyJpZCI6ODg4LCJ1cmwiOiJodHRwczpcL1wvd3d3LmxhdXJlbnQtbGVuZmFudC5jb21cL3Bob3RvZ3JhcGhpZVwvd3AtY29udGVudFwvdXBsb2Fkc1wvMjAyMFwvMDFcL0VYVFItMDA3LUxhdXJlbnRfTEVORkFOVF9SRVZPTFVUSU9OXzA3LmpwZyIsInNsaWRlc2hvdyI6IjM0ZDkwYzAifQ%3D%3D\" href=\"https:\/\/www.laurent-lenfant.com\/photographie\/wp-content\/uploads\/2020\/01\/EXTR-007-Laurent_LENFANT_REVOLUTION_07.jpg\"><figure class=\"swiper-slide-inner\"><img decoding=\"async\" class=\"swiper-slide-image\" src=\"https:\/\/www.laurent-lenfant.com\/photographie\/wp-content\/uploads\/2020\/01\/EXTR-007-Laurent_LENFANT_REVOLUTION_07-150x150.jpg\" alt=\"photographe-portrait-avignon-vaucluse\" \/><\/figure><\/a><\/div><div class=\"swiper-slide\" role=\"group\" aria-roledescription=\"slide\" aria-label=\"8 sur 28\"><a data-elementor-open-lightbox=\"yes\" data-elementor-lightbox-slideshow=\"34d90c0\" data-elementor-lightbox-title=\"artiste-photographe-auteur-avignon-vaucluse\" data-e-action-hash=\"#elementor-action%3Aaction%3Dlightbox%26settings%3DeyJpZCI6ODg5LCJ1cmwiOiJodHRwczpcL1wvd3d3LmxhdXJlbnQtbGVuZmFudC5jb21cL3Bob3RvZ3JhcGhpZVwvd3AtY29udGVudFwvdXBsb2Fkc1wvMjAyMFwvMDFcL0VYVFItMDA4LUxhdXJlbnRfTEVORkFOVF9SRVZPTFVUSU9OXzA4LmpwZyIsInNsaWRlc2hvdyI6IjM0ZDkwYzAifQ%3D%3D\" href=\"https:\/\/www.laurent-lenfant.com\/photographie\/wp-content\/uploads\/2020\/01\/EXTR-008-Laurent_LENFANT_REVOLUTION_08.jpg\"><figure class=\"swiper-slide-inner\"><img decoding=\"async\" class=\"swiper-slide-image\" src=\"https:\/\/www.laurent-lenfant.com\/photographie\/wp-content\/uploads\/2020\/01\/EXTR-008-Laurent_LENFANT_REVOLUTION_08-150x150.jpg\" alt=\"artiste-photographe-auteur-avignon-vaucluse\" \/><\/figure><\/a><\/div><div class=\"swiper-slide\" role=\"group\" aria-roledescription=\"slide\" aria-label=\"9 sur 28\"><a data-elementor-open-lightbox=\"yes\" data-elementor-lightbox-slideshow=\"34d90c0\" data-elementor-lightbox-title=\"artiste-photographe-auteur-avignon-vaucluse\" data-e-action-hash=\"#elementor-action%3Aaction%3Dlightbox%26settings%3DeyJpZCI6ODkwLCJ1cmwiOiJodHRwczpcL1wvd3d3LmxhdXJlbnQtbGVuZmFudC5jb21cL3Bob3RvZ3JhcGhpZVwvd3AtY29udGVudFwvdXBsb2Fkc1wvMjAyMFwvMDFcL0VYVFItMDA5LUxhdXJlbnRfTEVORkFOVF9SRVZPTFVUSU9OXzA5LmpwZyIsInNsaWRlc2hvdyI6IjM0ZDkwYzAifQ%3D%3D\" href=\"https:\/\/www.laurent-lenfant.com\/photographie\/wp-content\/uploads\/2020\/01\/EXTR-009-Laurent_LENFANT_REVOLUTION_09.jpg\"><figure class=\"swiper-slide-inner\"><img decoding=\"async\" class=\"swiper-slide-image\" src=\"https:\/\/www.laurent-lenfant.com\/photographie\/wp-content\/uploads\/2020\/01\/EXTR-009-Laurent_LENFANT_REVOLUTION_09-150x150.jpg\" alt=\"artiste-photographe-auteur-avignon-vaucluse\" \/><\/figure><\/a><\/div><div class=\"swiper-slide\" role=\"group\" aria-roledescription=\"slide\" aria-label=\"10 sur 28\"><a data-elementor-open-lightbox=\"yes\" data-elementor-lightbox-slideshow=\"34d90c0\" data-elementor-lightbox-title=\"artiste-photographe-auteur-avignon-vaucluse\" data-e-action-hash=\"#elementor-action%3Aaction%3Dlightbox%26settings%3DeyJpZCI6ODkxLCJ1cmwiOiJodHRwczpcL1wvd3d3LmxhdXJlbnQtbGVuZmFudC5jb21cL3Bob3RvZ3JhcGhpZVwvd3AtY29udGVudFwvdXBsb2Fkc1wvMjAyMFwvMDFcL0VYVFItMDEwLUxhdXJlbnRfTEVORkFOVF9SRVZPTFVUSU9OXzEwLmpwZyIsInNsaWRlc2hvdyI6IjM0ZDkwYzAifQ%3D%3D\" href=\"https:\/\/www.laurent-lenfant.com\/photographie\/wp-content\/uploads\/2020\/01\/EXTR-010-Laurent_LENFANT_REVOLUTION_10.jpg\"><figure class=\"swiper-slide-inner\"><img decoding=\"async\" class=\"swiper-slide-image\" src=\"https:\/\/www.laurent-lenfant.com\/photographie\/wp-content\/uploads\/2020\/01\/EXTR-010-Laurent_LENFANT_REVOLUTION_10-150x150.jpg\" alt=\"artiste-photographe-auteur-avignon-vaucluse\" \/><\/figure><\/a><\/div><div class=\"swiper-slide\" role=\"group\" aria-roledescription=\"slide\" aria-label=\"11 sur 28\"><a data-elementor-open-lightbox=\"yes\" data-elementor-lightbox-slideshow=\"34d90c0\" data-elementor-lightbox-title=\"artiste-photographe-auteur-avignon-vaucluse\" data-e-action-hash=\"#elementor-action%3Aaction%3Dlightbox%26settings%3DeyJpZCI6ODkyLCJ1cmwiOiJodHRwczpcL1wvd3d3LmxhdXJlbnQtbGVuZmFudC5jb21cL3Bob3RvZ3JhcGhpZVwvd3AtY29udGVudFwvdXBsb2Fkc1wvMjAyMFwvMDFcL0VYVFItMDExLUxhdXJlbnRfTEVORkFOVF9SRVZPTFVUSU9OXzExLmpwZyIsInNsaWRlc2hvdyI6IjM0ZDkwYzAifQ%3D%3D\" href=\"https:\/\/www.laurent-lenfant.com\/photographie\/wp-content\/uploads\/2020\/01\/EXTR-011-Laurent_LENFANT_REVOLUTION_11.jpg\"><figure class=\"swiper-slide-inner\"><img decoding=\"async\" class=\"swiper-slide-image\" src=\"https:\/\/www.laurent-lenfant.com\/photographie\/wp-content\/uploads\/2020\/01\/EXTR-011-Laurent_LENFANT_REVOLUTION_11-150x150.jpg\" alt=\"artiste-photographe-auteur-avignon-vaucluse\" \/><\/figure><\/a><\/div><div class=\"swiper-slide\" role=\"group\" aria-roledescription=\"slide\" aria-label=\"12 sur 28\"><a data-elementor-open-lightbox=\"yes\" data-elementor-lightbox-slideshow=\"34d90c0\" data-elementor-lightbox-title=\"artiste-photographe-auteur-avignon-vaucluse\" data-e-action-hash=\"#elementor-action%3Aaction%3Dlightbox%26settings%3DeyJpZCI6ODkzLCJ1cmwiOiJodHRwczpcL1wvd3d3LmxhdXJlbnQtbGVuZmFudC5jb21cL3Bob3RvZ3JhcGhpZVwvd3AtY29udGVudFwvdXBsb2Fkc1wvMjAyMFwvMDFcL0VYVFItMDEyLUxhdXJlbnRfTEVORkFOVF9SRVZPTFVUSU9OXzEyLmpwZyIsInNsaWRlc2hvdyI6IjM0ZDkwYzAifQ%3D%3D\" href=\"https:\/\/www.laurent-lenfant.com\/photographie\/wp-content\/uploads\/2020\/01\/EXTR-012-Laurent_LENFANT_REVOLUTION_12.jpg\"><figure class=\"swiper-slide-inner\"><img decoding=\"async\" class=\"swiper-slide-image\" src=\"https:\/\/www.laurent-lenfant.com\/photographie\/wp-content\/uploads\/2020\/01\/EXTR-012-Laurent_LENFANT_REVOLUTION_12-150x150.jpg\" alt=\"artiste-photographe-auteur-avignon-vaucluse\" \/><\/figure><\/a><\/div><div class=\"swiper-slide\" role=\"group\" aria-roledescription=\"slide\" aria-label=\"13 sur 28\"><a data-elementor-open-lightbox=\"yes\" data-elementor-lightbox-slideshow=\"34d90c0\" data-elementor-lightbox-title=\"artiste-photographe-auteur-avignon-vaucluse\" data-e-action-hash=\"#elementor-action%3Aaction%3Dlightbox%26settings%3DeyJpZCI6ODk0LCJ1cmwiOiJodHRwczpcL1wvd3d3LmxhdXJlbnQtbGVuZmFudC5jb21cL3Bob3RvZ3JhcGhpZVwvd3AtY29udGVudFwvdXBsb2Fkc1wvMjAyMFwvMDFcL0VYVFItMDEzLUxhdXJlbnRfTEVORkFOVF9SRVZPTFVUSU9OXzEzLmpwZyIsInNsaWRlc2hvdyI6IjM0ZDkwYzAifQ%3D%3D\" href=\"https:\/\/www.laurent-lenfant.com\/photographie\/wp-content\/uploads\/2020\/01\/EXTR-013-Laurent_LENFANT_REVOLUTION_13.jpg\"><figure class=\"swiper-slide-inner\"><img decoding=\"async\" class=\"swiper-slide-image\" src=\"https:\/\/www.laurent-lenfant.com\/photographie\/wp-content\/uploads\/2020\/01\/EXTR-013-Laurent_LENFANT_REVOLUTION_13-150x150.jpg\" alt=\"artiste-photographe-auteur-avignon-vaucluse\" \/><\/figure><\/a><\/div><div class=\"swiper-slide\" role=\"group\" aria-roledescription=\"slide\" aria-label=\"14 sur 28\"><a data-elementor-open-lightbox=\"yes\" data-elementor-lightbox-slideshow=\"34d90c0\" data-elementor-lightbox-title=\"photographe-portrait-avignon-vaucluse\" data-e-action-hash=\"#elementor-action%3Aaction%3Dlightbox%26settings%3DeyJpZCI6ODk1LCJ1cmwiOiJodHRwczpcL1wvd3d3LmxhdXJlbnQtbGVuZmFudC5jb21cL3Bob3RvZ3JhcGhpZVwvd3AtY29udGVudFwvdXBsb2Fkc1wvMjAyMFwvMDFcL0VYVFItMDE0LUxhdXJlbnRfTEVORkFOVF9SRVZPTFVUSU9OXzE0LmpwZyIsInNsaWRlc2hvdyI6IjM0ZDkwYzAifQ%3D%3D\" href=\"https:\/\/www.laurent-lenfant.com\/photographie\/wp-content\/uploads\/2020\/01\/EXTR-014-Laurent_LENFANT_REVOLUTION_14.jpg\"><figure class=\"swiper-slide-inner\"><img decoding=\"async\" class=\"swiper-slide-image\" src=\"https:\/\/www.laurent-lenfant.com\/photographie\/wp-content\/uploads\/2020\/01\/EXTR-014-Laurent_LENFANT_REVOLUTION_14-150x150.jpg\" alt=\"photographe-portrait-avignon-vaucluse\" \/><\/figure><\/a><\/div><div class=\"swiper-slide\" role=\"group\" aria-roledescription=\"slide\" aria-label=\"15 sur 28\"><a data-elementor-open-lightbox=\"yes\" data-elementor-lightbox-slideshow=\"34d90c0\" data-elementor-lightbox-title=\"photographe-illustration-collectivites-office-de-tourisme-avignon-vaucluse\" data-e-action-hash=\"#elementor-action%3Aaction%3Dlightbox%26settings%3DeyJpZCI6ODk2LCJ1cmwiOiJodHRwczpcL1wvd3d3LmxhdXJlbnQtbGVuZmFudC5jb21cL3Bob3RvZ3JhcGhpZVwvd3AtY29udGVudFwvdXBsb2Fkc1wvMjAyMFwvMDFcL0VYVFItMDE1LUxhdXJlbnRfTEVORkFOVF9SRVZPTFVUSU9OXzE1LmpwZyIsInNsaWRlc2hvdyI6IjM0ZDkwYzAifQ%3D%3D\" href=\"https:\/\/www.laurent-lenfant.com\/photographie\/wp-content\/uploads\/2020\/01\/EXTR-015-Laurent_LENFANT_REVOLUTION_15.jpg\"><figure class=\"swiper-slide-inner\"><img decoding=\"async\" class=\"swiper-slide-image\" src=\"https:\/\/www.laurent-lenfant.com\/photographie\/wp-content\/uploads\/2020\/01\/EXTR-015-Laurent_LENFANT_REVOLUTION_15-150x150.jpg\" alt=\"photographe-illustration-collectivites-office-de-tourisme-avignon-vaucluse\" \/><\/figure><\/a><\/div><div class=\"swiper-slide\" role=\"group\" aria-roledescription=\"slide\" aria-label=\"16 sur 28\"><a data-elementor-open-lightbox=\"yes\" data-elementor-lightbox-slideshow=\"34d90c0\" data-elementor-lightbox-title=\"photographe-portrait-avignon-vaucluse\" data-e-action-hash=\"#elementor-action%3Aaction%3Dlightbox%26settings%3DeyJpZCI6ODk3LCJ1cmwiOiJodHRwczpcL1wvd3d3LmxhdXJlbnQtbGVuZmFudC5jb21cL3Bob3RvZ3JhcGhpZVwvd3AtY29udGVudFwvdXBsb2Fkc1wvMjAyMFwvMDFcL0VYVFItMDE2LUxhdXJlbnRfTEVORkFOVF9SRVZPTFVUSU9OXzE2LmpwZyIsInNsaWRlc2hvdyI6IjM0ZDkwYzAifQ%3D%3D\" href=\"https:\/\/www.laurent-lenfant.com\/photographie\/wp-content\/uploads\/2020\/01\/EXTR-016-Laurent_LENFANT_REVOLUTION_16.jpg\"><figure class=\"swiper-slide-inner\"><img decoding=\"async\" class=\"swiper-slide-image\" src=\"https:\/\/www.laurent-lenfant.com\/photographie\/wp-content\/uploads\/2020\/01\/EXTR-016-Laurent_LENFANT_REVOLUTION_16-150x150.jpg\" alt=\"photographe-portrait-avignon-vaucluse\" \/><\/figure><\/a><\/div><div class=\"swiper-slide\" role=\"group\" aria-roledescription=\"slide\" aria-label=\"17 sur 28\"><a data-elementor-open-lightbox=\"yes\" data-elementor-lightbox-slideshow=\"34d90c0\" data-elementor-lightbox-title=\"artiste-photographe-auteur-avignon-vaucluse\" data-e-action-hash=\"#elementor-action%3Aaction%3Dlightbox%26settings%3DeyJpZCI6ODk4LCJ1cmwiOiJodHRwczpcL1wvd3d3LmxhdXJlbnQtbGVuZmFudC5jb21cL3Bob3RvZ3JhcGhpZVwvd3AtY29udGVudFwvdXBsb2Fkc1wvMjAyMFwvMDFcL0VYVFItMDE3LUxhdXJlbnRfTEVORkFOVF9SRVZPTFVUSU9OXzE3LmpwZyIsInNsaWRlc2hvdyI6IjM0ZDkwYzAifQ%3D%3D\" href=\"https:\/\/www.laurent-lenfant.com\/photographie\/wp-content\/uploads\/2020\/01\/EXTR-017-Laurent_LENFANT_REVOLUTION_17.jpg\"><figure class=\"swiper-slide-inner\"><img decoding=\"async\" class=\"swiper-slide-image\" src=\"https:\/\/www.laurent-lenfant.com\/photographie\/wp-content\/uploads\/2020\/01\/EXTR-017-Laurent_LENFANT_REVOLUTION_17-150x150.jpg\" alt=\"artiste-photographe-auteur-avignon-vaucluse\" \/><\/figure><\/a><\/div><div class=\"swiper-slide\" role=\"group\" aria-roledescription=\"slide\" aria-label=\"18 sur 28\"><a data-elementor-open-lightbox=\"yes\" data-elementor-lightbox-slideshow=\"34d90c0\" data-elementor-lightbox-title=\"photographe-portrait-avignon-vaucluse\" data-e-action-hash=\"#elementor-action%3Aaction%3Dlightbox%26settings%3DeyJpZCI6ODk5LCJ1cmwiOiJodHRwczpcL1wvd3d3LmxhdXJlbnQtbGVuZmFudC5jb21cL3Bob3RvZ3JhcGhpZVwvd3AtY29udGVudFwvdXBsb2Fkc1wvMjAyMFwvMDFcL0VYVFItMDE4LUxhdXJlbnRfTEVORkFOVF9SRVZPTFVUSU9OXzE4LmpwZyIsInNsaWRlc2hvdyI6IjM0ZDkwYzAifQ%3D%3D\" href=\"https:\/\/www.laurent-lenfant.com\/photographie\/wp-content\/uploads\/2020\/01\/EXTR-018-Laurent_LENFANT_REVOLUTION_18.jpg\"><figure class=\"swiper-slide-inner\"><img decoding=\"async\" class=\"swiper-slide-image\" src=\"https:\/\/www.laurent-lenfant.com\/photographie\/wp-content\/uploads\/2020\/01\/EXTR-018-Laurent_LENFANT_REVOLUTION_18-150x150.jpg\" alt=\"photographe-portrait-avignon-vaucluse\" \/><\/figure><\/a><\/div><div class=\"swiper-slide\" role=\"group\" aria-roledescription=\"slide\" aria-label=\"19 sur 28\"><a data-elementor-open-lightbox=\"yes\" data-elementor-lightbox-slideshow=\"34d90c0\" data-elementor-lightbox-title=\"artiste-photographe-auteur-avignon-vaucluse\" data-e-action-hash=\"#elementor-action%3Aaction%3Dlightbox%26settings%3DeyJpZCI6OTAwLCJ1cmwiOiJodHRwczpcL1wvd3d3LmxhdXJlbnQtbGVuZmFudC5jb21cL3Bob3RvZ3JhcGhpZVwvd3AtY29udGVudFwvdXBsb2Fkc1wvMjAyMFwvMDFcL0VYVFItMDE5LUxhdXJlbnRfTEVORkFOVF9SRVZPTFVUSU9OXzE5LmpwZyIsInNsaWRlc2hvdyI6IjM0ZDkwYzAifQ%3D%3D\" href=\"https:\/\/www.laurent-lenfant.com\/photographie\/wp-content\/uploads\/2020\/01\/EXTR-019-Laurent_LENFANT_REVOLUTION_19.jpg\"><figure class=\"swiper-slide-inner\"><img decoding=\"async\" class=\"swiper-slide-image\" src=\"https:\/\/www.laurent-lenfant.com\/photographie\/wp-content\/uploads\/2020\/01\/EXTR-019-Laurent_LENFANT_REVOLUTION_19-150x150.jpg\" alt=\"artiste-photographe-auteur-avignon-vaucluse\" \/><\/figure><\/a><\/div><div class=\"swiper-slide\" role=\"group\" aria-roledescription=\"slide\" aria-label=\"20 sur 28\"><a data-elementor-open-lightbox=\"yes\" data-elementor-lightbox-slideshow=\"34d90c0\" data-elementor-lightbox-title=\"artiste-photographe-auteur-avignon-vaucluse\" data-e-action-hash=\"#elementor-action%3Aaction%3Dlightbox%26settings%3DeyJpZCI6OTAxLCJ1cmwiOiJodHRwczpcL1wvd3d3LmxhdXJlbnQtbGVuZmFudC5jb21cL3Bob3RvZ3JhcGhpZVwvd3AtY29udGVudFwvdXBsb2Fkc1wvMjAyMFwvMDFcL0VYVFItMDIwLUxhdXJlbnRfTEVORkFOVF9SRVZPTFVUSU9OXzIwLmpwZyIsInNsaWRlc2hvdyI6IjM0ZDkwYzAifQ%3D%3D\" href=\"https:\/\/www.laurent-lenfant.com\/photographie\/wp-content\/uploads\/2020\/01\/EXTR-020-Laurent_LENFANT_REVOLUTION_20.jpg\"><figure class=\"swiper-slide-inner\"><img decoding=\"async\" class=\"swiper-slide-image\" src=\"https:\/\/www.laurent-lenfant.com\/photographie\/wp-content\/uploads\/2020\/01\/EXTR-020-Laurent_LENFANT_REVOLUTION_20-150x150.jpg\" alt=\"artiste-photographe-auteur-avignon-vaucluse\" \/><\/figure><\/a><\/div><div class=\"swiper-slide\" role=\"group\" aria-roledescription=\"slide\" aria-label=\"21 sur 28\"><a data-elementor-open-lightbox=\"yes\" data-elementor-lightbox-slideshow=\"34d90c0\" data-elementor-lightbox-title=\"photographe-illustration-collectivites-office-de-tourisme-avignon-vaucluse\" data-e-action-hash=\"#elementor-action%3Aaction%3Dlightbox%26settings%3DeyJpZCI6OTAyLCJ1cmwiOiJodHRwczpcL1wvd3d3LmxhdXJlbnQtbGVuZmFudC5jb21cL3Bob3RvZ3JhcGhpZVwvd3AtY29udGVudFwvdXBsb2Fkc1wvMjAyMFwvMDFcL0VYVFItMDIxLUxhdXJlbnRfTEVORkFOVF9SRVZPTFVUSU9OXzIxLmpwZyIsInNsaWRlc2hvdyI6IjM0ZDkwYzAifQ%3D%3D\" href=\"https:\/\/www.laurent-lenfant.com\/photographie\/wp-content\/uploads\/2020\/01\/EXTR-021-Laurent_LENFANT_REVOLUTION_21.jpg\"><figure class=\"swiper-slide-inner\"><img decoding=\"async\" class=\"swiper-slide-image\" src=\"https:\/\/www.laurent-lenfant.com\/photographie\/wp-content\/uploads\/2020\/01\/EXTR-021-Laurent_LENFANT_REVOLUTION_21-150x150.jpg\" alt=\"photographe-illustration-collectivites-office-de-tourisme-avignon-vaucluse\" \/><\/figure><\/a><\/div><div class=\"swiper-slide\" role=\"group\" aria-roledescription=\"slide\" aria-label=\"22 sur 28\"><a data-elementor-open-lightbox=\"yes\" data-elementor-lightbox-slideshow=\"34d90c0\" data-elementor-lightbox-title=\"artiste-photographe-auteur-avignon-vaucluse\" data-e-action-hash=\"#elementor-action%3Aaction%3Dlightbox%26settings%3DeyJpZCI6OTAzLCJ1cmwiOiJodHRwczpcL1wvd3d3LmxhdXJlbnQtbGVuZmFudC5jb21cL3Bob3RvZ3JhcGhpZVwvd3AtY29udGVudFwvdXBsb2Fkc1wvMjAyMFwvMDFcL0VYVFItMDIyLUxhdXJlbnRfTEVORkFOVF9SRVZPTFVUSU9OXzIyLmpwZyIsInNsaWRlc2hvdyI6IjM0ZDkwYzAifQ%3D%3D\" href=\"https:\/\/www.laurent-lenfant.com\/photographie\/wp-content\/uploads\/2020\/01\/EXTR-022-Laurent_LENFANT_REVOLUTION_22.jpg\"><figure class=\"swiper-slide-inner\"><img decoding=\"async\" class=\"swiper-slide-image\" src=\"https:\/\/www.laurent-lenfant.com\/photographie\/wp-content\/uploads\/2020\/01\/EXTR-022-Laurent_LENFANT_REVOLUTION_22-150x150.jpg\" alt=\"artiste-photographe-auteur-avignon-vaucluse\" \/><\/figure><\/a><\/div><div class=\"swiper-slide\" role=\"group\" aria-roledescription=\"slide\" aria-label=\"23 sur 28\"><a data-elementor-open-lightbox=\"yes\" data-elementor-lightbox-slideshow=\"34d90c0\" data-elementor-lightbox-title=\"artiste-photographe-auteur-avignon-vaucluse\" data-e-action-hash=\"#elementor-action%3Aaction%3Dlightbox%26settings%3DeyJpZCI6OTA0LCJ1cmwiOiJodHRwczpcL1wvd3d3LmxhdXJlbnQtbGVuZmFudC5jb21cL3Bob3RvZ3JhcGhpZVwvd3AtY29udGVudFwvdXBsb2Fkc1wvMjAyMFwvMDFcL0VYVFItMDIzLUxhdXJlbnRfTEVORkFOVF9SRVZPTFVUSU9OXzIzLmpwZyIsInNsaWRlc2hvdyI6IjM0ZDkwYzAifQ%3D%3D\" href=\"https:\/\/www.laurent-lenfant.com\/photographie\/wp-content\/uploads\/2020\/01\/EXTR-023-Laurent_LENFANT_REVOLUTION_23.jpg\"><figure class=\"swiper-slide-inner\"><img decoding=\"async\" class=\"swiper-slide-image\" src=\"https:\/\/www.laurent-lenfant.com\/photographie\/wp-content\/uploads\/2020\/01\/EXTR-023-Laurent_LENFANT_REVOLUTION_23-150x150.jpg\" alt=\"artiste-photographe-auteur-avignon-vaucluse\" \/><\/figure><\/a><\/div><div class=\"swiper-slide\" role=\"group\" aria-roledescription=\"slide\" aria-label=\"24 sur 28\"><a data-elementor-open-lightbox=\"yes\" data-elementor-lightbox-slideshow=\"34d90c0\" data-elementor-lightbox-title=\"artiste-photographe-auteur-avignon-vaucluse\" data-e-action-hash=\"#elementor-action%3Aaction%3Dlightbox%26settings%3DeyJpZCI6OTA1LCJ1cmwiOiJodHRwczpcL1wvd3d3LmxhdXJlbnQtbGVuZmFudC5jb21cL3Bob3RvZ3JhcGhpZVwvd3AtY29udGVudFwvdXBsb2Fkc1wvMjAyMFwvMDFcL0VYVFItMDI0LUxhdXJlbnRfTEVORkFOVF9SRVZPTFVUSU9OXzI0LmpwZyIsInNsaWRlc2hvdyI6IjM0ZDkwYzAifQ%3D%3D\" href=\"https:\/\/www.laurent-lenfant.com\/photographie\/wp-content\/uploads\/2020\/01\/EXTR-024-Laurent_LENFANT_REVOLUTION_24.jpg\"><figure class=\"swiper-slide-inner\"><img decoding=\"async\" class=\"swiper-slide-image\" src=\"https:\/\/www.laurent-lenfant.com\/photographie\/wp-content\/uploads\/2020\/01\/EXTR-024-Laurent_LENFANT_REVOLUTION_24-150x150.jpg\" alt=\"artiste-photographe-auteur-avignon-vaucluse\" \/><\/figure><\/a><\/div><div class=\"swiper-slide\" role=\"group\" aria-roledescription=\"slide\" aria-label=\"25 sur 28\"><a data-elementor-open-lightbox=\"yes\" data-elementor-lightbox-slideshow=\"34d90c0\" data-elementor-lightbox-title=\"photographe-portraits-avignon-vaucluse\" data-e-action-hash=\"#elementor-action%3Aaction%3Dlightbox%26settings%3DeyJpZCI6OTA2LCJ1cmwiOiJodHRwczpcL1wvd3d3LmxhdXJlbnQtbGVuZmFudC5jb21cL3Bob3RvZ3JhcGhpZVwvd3AtY29udGVudFwvdXBsb2Fkc1wvMjAyMFwvMDFcL0VYVFItMDI1LUxhdXJlbnRfTEVORkFOVF9SRVZPTFVUSU9OXzI1LmpwZyIsInNsaWRlc2hvdyI6IjM0ZDkwYzAifQ%3D%3D\" href=\"https:\/\/www.laurent-lenfant.com\/photographie\/wp-content\/uploads\/2020\/01\/EXTR-025-Laurent_LENFANT_REVOLUTION_25.jpg\"><figure class=\"swiper-slide-inner\"><img decoding=\"async\" class=\"swiper-slide-image\" src=\"https:\/\/www.laurent-lenfant.com\/photographie\/wp-content\/uploads\/2020\/01\/EXTR-025-Laurent_LENFANT_REVOLUTION_25-150x150.jpg\" alt=\"photographe-portraits-avignon-vaucluse\" \/><\/figure><\/a><\/div><div class=\"swiper-slide\" role=\"group\" aria-roledescription=\"slide\" aria-label=\"26 sur 28\"><a data-elementor-open-lightbox=\"yes\" data-elementor-lightbox-slideshow=\"34d90c0\" data-elementor-lightbox-title=\"photographe-illustration-collectivites-office-de-tourisme-avignon-vaucluse\" data-e-action-hash=\"#elementor-action%3Aaction%3Dlightbox%26settings%3DeyJpZCI6OTA3LCJ1cmwiOiJodHRwczpcL1wvd3d3LmxhdXJlbnQtbGVuZmFudC5jb21cL3Bob3RvZ3JhcGhpZVwvd3AtY29udGVudFwvdXBsb2Fkc1wvMjAyMFwvMDFcL0VYVFItMDI2LUxhdXJlbnRfTEVORkFOVF9SRVZPTFVUSU9OXzI2LmpwZyIsInNsaWRlc2hvdyI6IjM0ZDkwYzAifQ%3D%3D\" href=\"https:\/\/www.laurent-lenfant.com\/photographie\/wp-content\/uploads\/2020\/01\/EXTR-026-Laurent_LENFANT_REVOLUTION_26.jpg\"><figure class=\"swiper-slide-inner\"><img decoding=\"async\" class=\"swiper-slide-image\" src=\"https:\/\/www.laurent-lenfant.com\/photographie\/wp-content\/uploads\/2020\/01\/EXTR-026-Laurent_LENFANT_REVOLUTION_26-150x150.jpg\" alt=\"photographe-illustration-collectivites-office-de-tourisme-avignon-vaucluse\" \/><\/figure><\/a><\/div><div class=\"swiper-slide\" role=\"group\" aria-roledescription=\"slide\" aria-label=\"27 sur 28\"><a data-elementor-open-lightbox=\"yes\" data-elementor-lightbox-slideshow=\"34d90c0\" data-elementor-lightbox-title=\"artiste-photogrpahe-auteur-avignon-vaucluse\" data-e-action-hash=\"#elementor-action%3Aaction%3Dlightbox%26settings%3DeyJpZCI6OTA4LCJ1cmwiOiJodHRwczpcL1wvd3d3LmxhdXJlbnQtbGVuZmFudC5jb21cL3Bob3RvZ3JhcGhpZVwvd3AtY29udGVudFwvdXBsb2Fkc1wvMjAyMFwvMDFcL0VYVFItMDI3LUxhdXJlbnRfTEVORkFOVF9SRVZPTFVUSU9OXzI3LmpwZyIsInNsaWRlc2hvdyI6IjM0ZDkwYzAifQ%3D%3D\" href=\"https:\/\/www.laurent-lenfant.com\/photographie\/wp-content\/uploads\/2020\/01\/EXTR-027-Laurent_LENFANT_REVOLUTION_27.jpg\"><figure class=\"swiper-slide-inner\"><img decoding=\"async\" class=\"swiper-slide-image\" src=\"https:\/\/www.laurent-lenfant.com\/photographie\/wp-content\/uploads\/2020\/01\/EXTR-027-Laurent_LENFANT_REVOLUTION_27-150x150.jpg\" alt=\"artiste-photographe-auteur-avignon-vaucluse\" \/><\/figure><\/a><\/div><div class=\"swiper-slide\" role=\"group\" aria-roledescription=\"slide\" aria-label=\"28 sur 28\"><a data-elementor-open-lightbox=\"yes\" data-elementor-lightbox-slideshow=\"34d90c0\" data-elementor-lightbox-title=\"photographe-illustration-collectivites-office-de-tourisme-avignon-vaucluse\" data-e-action-hash=\"#elementor-action%3Aaction%3Dlightbox%26settings%3DeyJpZCI6OTA5LCJ1cmwiOiJodHRwczpcL1wvd3d3LmxhdXJlbnQtbGVuZmFudC5jb21cL3Bob3RvZ3JhcGhpZVwvd3AtY29udGVudFwvdXBsb2Fkc1wvMjAyMFwvMDFcL0VYVFItMDI4LUxhdXJlbnRfTEVORkFOVF9SRVZPTFVUSU9OXzI4LmpwZyIsInNsaWRlc2hvdyI6IjM0ZDkwYzAifQ%3D%3D\" href=\"https:\/\/www.laurent-lenfant.com\/photographie\/wp-content\/uploads\/2020\/01\/EXTR-028-Laurent_LENFANT_REVOLUTION_28.jpg\"><figure class=\"swiper-slide-inner\"><img decoding=\"async\" class=\"swiper-slide-image\" src=\"https:\/\/www.laurent-lenfant.com\/photographie\/wp-content\/uploads\/2020\/01\/EXTR-028-Laurent_LENFANT_REVOLUTION_28-150x150.jpg\" alt=\"photographe-illustration-collectivites-office-de-tourisme-avignon-vaucluse\" \/><\/figure><\/a><\/div>\t\t\t<\/div>\n\t\t\t\t\t\t\t\t\t\t\t\t<div class=\"elementor-swiper-button elementor-swiper-button-prev\" role=\"button\" tabindex=\"0\">\n\t\t\t\t\t\t<i aria-hidden=\"true\" class=\"eicon-chevron-left\"><\/i>\t\t\t\t\t<\/div>\n\t\t\t\t\t<div class=\"elementor-swiper-button elementor-swiper-button-next\" role=\"button\" tabindex=\"0\">\n\t\t\t\t\t\t<i aria-hidden=\"true\" class=\"eicon-chevron-right\"><\/i>\t\t\t\t\t<\/div>\n\t\t\t\t\n\t\t\t\t\t\t\t\t\t<div class=\"swiper-pagination\"><\/div>\n\t\t\t\t\t\t\t\t\t<\/div>\n\t\t\t\t\t\t<\/div>\n\t\t\t\t<\/div>\n\t\t\t\t\t<\/div>\n\t\t<\/div>\n\t\t\t\t\t<\/div>\n\t\t<\/section>\n\t\t\t\t<section class=\"elementor-section elementor-top-section elementor-element elementor-element-19d4e462 elementor-section-boxed elementor-section-height-default elementor-section-height-default\" data-id=\"19d4e462\" data-element_type=\"section\" data-e-type=\"section\">\n\t\t\t\t\t\t<div class=\"elementor-container elementor-column-gap-default\">\n\t\t\t\t\t<div class=\"elementor-column elementor-col-100 elementor-top-column elementor-element elementor-element-63bab30\" data-id=\"63bab30\" data-element_type=\"column\" data-e-type=\"column\">\n\t\t\t<div class=\"elementor-widget-wrap elementor-element-populated\">\n\t\t\t\t\t\t<div class=\"elementor-element elementor-element-b100dab elementor-widget elementor-widget-text-editor\" data-id=\"b100dab\" data-element_type=\"widget\" data-e-type=\"widget\" data-widget_type=\"text-editor.default\">\n\t\t\t\t<div class=\"elementor-widget-container\">\n\t\t\t\t\t\t\t\t\t<blockquote><p>R\u00c9VOLUTION : <br \/>&#8211; Mouvement d&rsquo;un objet autour d&rsquo;un point central, d&rsquo;un axe, le ramenant p\u00e9riodiquement au m\u00eame point <br \/>&#8211; Changement brusque, d&rsquo;ordre \u00e9conomique, moral, culturel, qui se produit dans une soci\u00e9t\u00e9<br \/>&#8211; Pour une futaie: temps n\u00e9cessaire pour obtenir la r\u00e9g\u00e9n\u00e9ration compl\u00e8te une for\u00eat<\/p><p>***********************************************************************************<\/p><p>Un \u00ab road trip \u00bb au Mont\u00e9n\u00e9gro en 2018, c\u00f4te adriatique, sans but photographique pr\u00e9cis au d\u00e9part (une errance photo \u00e0 la Depardon en quelque sorte) au cours de laquelle j\u2019ai crois\u00e9 la route de plusieurs jeunes Mont\u00e9n\u00e9grins et Serbes d\u2019une vingtaine d\u2019ann\u00e9es venus pass\u00e9s leurs vacances au soleil. <br \/>\u2029En \u00e9changeant et partageant des moments ensemble,\u00a0 j\u2019ai constat\u00e9 qu\u2019ils \u00e9taient tous n\u00e9s pendant la sanglante guerre de Yougoslavie\u2026\u2029<br \/>Le temps pass\u00e9 a r\u00e9v\u00e9l\u00e9 une jeunesse pleine d\u2019espoir pour leur avenir et celui de leur pays, jeunesse motiv\u00e9e et positive, souhaitant oublier les \u2029blessures fratricides d\u2019un pass\u00e9 encore proche pour tenter de se construire un avenir de paix et de tol\u00e9rance. Mais le pass\u00e9 est toujours pr\u00e9sent, et \u2029ces jeunes sont en permanence dans une <br \/>\u00ab R\u00e9volution \u00bb d\u2019ordre sociale ou culturelle, en opposition permanente avec les <br \/>\u00ab Anciens \u00bb &#8211; leur soif de \u2029libert\u00e9 se heurte souvent aux traditions ancr\u00e9es et au poids du pass\u00e9. <br \/>Ainsi cette jeunesse Serbe et Mont\u00e9n\u00e9grine r\u00e9ussit petit \u00e0 petit \u00e0 \u00ab\u00a0cicatriser\u00a0\u00bb \u2029pour ne pas entrer de nouveau dans une \u00ab\u00a0R\u00e9volution\u00a0\u00bb. <br \/>Cette s\u00e9rie a donc pour intention de permettre au visiteur de percevoir ces sentiments complexes exprim\u00e9s par cette jeunesse positive qui souhaite b\u00e2tir un avenir s\u00fbr et tol\u00e9rant qui sera certainement meilleur que la vie de leurs parents. <br \/>\u2029Cet \u00e9tat d\u2019esprit de leur part m\u2019a r\u00e9ellement touch\u00e9 au point de vouloir leur rendre hommage et v\u00e9hiculer leurs valeurs \u00e0 travers ces images.<\/p><p>\u00a0<\/p><\/blockquote><p><span style=\"color: #ff6600;\"><em><strong>\u00a0<\/strong><\/em><\/span><\/p>\t\t\t\t\t\t\t\t<\/div>\n\t\t\t\t<\/div>\n\t\t\t\t\t<\/div>\n\t\t<\/div>\n\t\t\t\t\t<\/div>\n\t\t<\/section>\n\t\t\t\t<\/div>\n\t\t","protected":false},"excerpt":{"rendered":"<p>&gt;&gt; S\u00e9rie r\u00e9alis\u00e9e dans le cadre d&rsquo;une immersion (&nbsp; errance photographique ) au Mont\u00e9n\u00e9gro en 2018&hellip;<\/p>\n","protected":false},"author":1,"featured_media":908,"parent":0,"menu_order":0,"comment_status":"closed","ping_status":"closed","template":"","meta":{"footnotes":""},"class_list":["post-877","page","type-page","status-publish","has-post-thumbnail","hentry"],"yoast_head":"<!-- This site is optimized with the Yoast SEO plugin v27.5 - https:\/\/yoast.com\/product\/yoast-seo-wordpress\/ -->\n<title>R\u00c9VOLUTIONS : R\u00eaves d&#039;une jeunesse - Laurent LENFANT | Photographe Avignon<\/title>\n<meta name=\"robots\" content=\"index, follow, max-snippet:-1, max-image-preview:large, max-video-preview:-1\" \/>\n<link rel=\"canonical\" href=\"https:\/\/www.laurent-lenfant.com\/photographie\/revolutions-reves-dune-jeunesse\/\" \/>\n<meta property=\"og:locale\" content=\"fr_FR\" \/>\n<meta property=\"og:type\" content=\"article\" \/>\n<meta property=\"og:title\" content=\"R\u00c9VOLUTIONS : R\u00eaves d&#039;une jeunesse - Laurent LENFANT | Photographe Avignon\" \/>\n<meta property=\"og:description\" content=\"&gt;&gt; S\u00e9rie r\u00e9alis\u00e9e dans le cadre d&rsquo;une immersion (&nbsp; errance photographique ) au Mont\u00e9n\u00e9gro en 2018&hellip;\" \/>\n<meta property=\"og:url\" content=\"https:\/\/www.laurent-lenfant.com\/photographie\/revolutions-reves-dune-jeunesse\/\" \/>\n<meta property=\"og:site_name\" content=\"Laurent LENFANT | Photographe Avignon\" \/>\n<meta property=\"article:modified_time\" content=\"2020-01-08T17:14:27+00:00\" \/>\n<meta property=\"og:image\" content=\"https:\/\/www.laurent-lenfant.com\/photographie\/wp-content\/uploads\/2020\/01\/EXTR-027-Laurent_LENFANT_REVOLUTION_27.jpg\" \/>\n\t<meta property=\"og:image:width\" content=\"1600\" \/>\n\t<meta property=\"og:image:height\" content=\"1067\" \/>\n\t<meta property=\"og:image:type\" content=\"image\/jpeg\" \/>\n<meta name=\"twitter:card\" content=\"summary_large_image\" \/>\n<meta name=\"twitter:label1\" content=\"Dur\u00e9e de lecture estim\u00e9e\" \/>\n\t<meta name=\"twitter:data1\" content=\"2 minutes\" \/>\n<script type=\"application\/ld+json\" class=\"yoast-schema-graph\">{\"@context\":\"https:\\\/\\\/schema.org\",\"@graph\":[{\"@type\":\"WebPage\",\"@id\":\"https:\\\/\\\/www.laurent-lenfant.com\\\/photographie\\\/revolutions-reves-dune-jeunesse\\\/\",\"url\":\"https:\\\/\\\/www.laurent-lenfant.com\\\/photographie\\\/revolutions-reves-dune-jeunesse\\\/\",\"name\":\"R\u00c9VOLUTIONS : R\u00eaves d'une jeunesse - Laurent LENFANT | Photographe Avignon\",\"isPartOf\":{\"@id\":\"https:\\\/\\\/www.laurent-lenfant.com\\\/photographie\\\/#website\"},\"primaryImageOfPage\":{\"@id\":\"https:\\\/\\\/www.laurent-lenfant.com\\\/photographie\\\/revolutions-reves-dune-jeunesse\\\/#primaryimage\"},\"image\":{\"@id\":\"https:\\\/\\\/www.laurent-lenfant.com\\\/photographie\\\/revolutions-reves-dune-jeunesse\\\/#primaryimage\"},\"thumbnailUrl\":\"https:\\\/\\\/www.laurent-lenfant.com\\\/photographie\\\/wp-content\\\/uploads\\\/2020\\\/01\\\/EXTR-027-Laurent_LENFANT_REVOLUTION_27.jpg\",\"datePublished\":\"2020-01-08T16:15:35+00:00\",\"dateModified\":\"2020-01-08T17:14:27+00:00\",\"breadcrumb\":{\"@id\":\"https:\\\/\\\/www.laurent-lenfant.com\\\/photographie\\\/revolutions-reves-dune-jeunesse\\\/#breadcrumb\"},\"inLanguage\":\"fr-FR\",\"potentialAction\":[{\"@type\":\"ReadAction\",\"target\":[\"https:\\\/\\\/www.laurent-lenfant.com\\\/photographie\\\/revolutions-reves-dune-jeunesse\\\/\"]}]},{\"@type\":\"ImageObject\",\"inLanguage\":\"fr-FR\",\"@id\":\"https:\\\/\\\/www.laurent-lenfant.com\\\/photographie\\\/revolutions-reves-dune-jeunesse\\\/#primaryimage\",\"url\":\"https:\\\/\\\/www.laurent-lenfant.com\\\/photographie\\\/wp-content\\\/uploads\\\/2020\\\/01\\\/EXTR-027-Laurent_LENFANT_REVOLUTION_27.jpg\",\"contentUrl\":\"https:\\\/\\\/www.laurent-lenfant.com\\\/photographie\\\/wp-content\\\/uploads\\\/2020\\\/01\\\/EXTR-027-Laurent_LENFANT_REVOLUTION_27.jpg\",\"width\":1600,\"height\":1067,\"caption\":\"R\u00e9volutions\"},{\"@type\":\"BreadcrumbList\",\"@id\":\"https:\\\/\\\/www.laurent-lenfant.com\\\/photographie\\\/revolutions-reves-dune-jeunesse\\\/#breadcrumb\",\"itemListElement\":[{\"@type\":\"ListItem\",\"position\":1,\"name\":\"Accueil\",\"item\":\"https:\\\/\\\/www.laurent-lenfant.com\\\/photographie\\\/\"},{\"@type\":\"ListItem\",\"position\":2,\"name\":\"R\u00c9VOLUTIONS : R\u00eaves d&rsquo;une jeunesse\"}]},{\"@type\":\"WebSite\",\"@id\":\"https:\\\/\\\/www.laurent-lenfant.com\\\/photographie\\\/#website\",\"url\":\"https:\\\/\\\/www.laurent-lenfant.com\\\/photographie\\\/\",\"name\":\"Laurent LENFANT | Photographe Avignon\",\"description\":\"Portrait - Reportage - Illustration - Auteur\",\"potentialAction\":[{\"@type\":\"SearchAction\",\"target\":{\"@type\":\"EntryPoint\",\"urlTemplate\":\"https:\\\/\\\/www.laurent-lenfant.com\\\/photographie\\\/?s={search_term_string}\"},\"query-input\":{\"@type\":\"PropertyValueSpecification\",\"valueRequired\":true,\"valueName\":\"search_term_string\"}}],\"inLanguage\":\"fr-FR\"}]}<\/script>\n<!-- \/ Yoast SEO plugin. -->","yoast_head_json":{"title":"R\u00c9VOLUTIONS : R\u00eaves d'une jeunesse - Laurent LENFANT | Photographe Avignon","robots":{"index":"index","follow":"follow","max-snippet":"max-snippet:-1","max-image-preview":"max-image-preview:large","max-video-preview":"max-video-preview:-1"},"canonical":"https:\/\/www.laurent-lenfant.com\/photographie\/revolutions-reves-dune-jeunesse\/","og_locale":"fr_FR","og_type":"article","og_title":"R\u00c9VOLUTIONS : R\u00eaves d'une jeunesse - Laurent LENFANT | Photographe Avignon","og_description":"&gt;&gt; S\u00e9rie r\u00e9alis\u00e9e dans le cadre d&rsquo;une immersion (&nbsp; errance photographique ) au Mont\u00e9n\u00e9gro en 2018&hellip;","og_url":"https:\/\/www.laurent-lenfant.com\/photographie\/revolutions-reves-dune-jeunesse\/","og_site_name":"Laurent LENFANT | Photographe Avignon","article_modified_time":"2020-01-08T17:14:27+00:00","og_image":[{"width":1600,"height":1067,"url":"https:\/\/www.laurent-lenfant.com\/photographie\/wp-content\/uploads\/2020\/01\/EXTR-027-Laurent_LENFANT_REVOLUTION_27.jpg","type":"image\/jpeg"}],"twitter_card":"summary_large_image","twitter_misc":{"Dur\u00e9e de lecture estim\u00e9e":"2 minutes"},"schema":{"@context":"https:\/\/schema.org","@graph":[{"@type":"WebPage","@id":"https:\/\/www.laurent-lenfant.com\/photographie\/revolutions-reves-dune-jeunesse\/","url":"https:\/\/www.laurent-lenfant.com\/photographie\/revolutions-reves-dune-jeunesse\/","name":"R\u00c9VOLUTIONS : R\u00eaves d'une jeunesse - Laurent LENFANT | Photographe Avignon","isPartOf":{"@id":"https:\/\/www.laurent-lenfant.com\/photographie\/#website"},"primaryImageOfPage":{"@id":"https:\/\/www.laurent-lenfant.com\/photographie\/revolutions-reves-dune-jeunesse\/#primaryimage"},"image":{"@id":"https:\/\/www.laurent-lenfant.com\/photographie\/revolutions-reves-dune-jeunesse\/#primaryimage"},"thumbnailUrl":"https:\/\/www.laurent-lenfant.com\/photographie\/wp-content\/uploads\/2020\/01\/EXTR-027-Laurent_LENFANT_REVOLUTION_27.jpg","datePublished":"2020-01-08T16:15:35+00:00","dateModified":"2020-01-08T17:14:27+00:00","breadcrumb":{"@id":"https:\/\/www.laurent-lenfant.com\/photographie\/revolutions-reves-dune-jeunesse\/#breadcrumb"},"inLanguage":"fr-FR","potentialAction":[{"@type":"ReadAction","target":["https:\/\/www.laurent-lenfant.com\/photographie\/revolutions-reves-dune-jeunesse\/"]}]},{"@type":"ImageObject","inLanguage":"fr-FR","@id":"https:\/\/www.laurent-lenfant.com\/photographie\/revolutions-reves-dune-jeunesse\/#primaryimage","url":"https:\/\/www.laurent-lenfant.com\/photographie\/wp-content\/uploads\/2020\/01\/EXTR-027-Laurent_LENFANT_REVOLUTION_27.jpg","contentUrl":"https:\/\/www.laurent-lenfant.com\/photographie\/wp-content\/uploads\/2020\/01\/EXTR-027-Laurent_LENFANT_REVOLUTION_27.jpg","width":1600,"height":1067,"caption":"R\u00e9volutions"},{"@type":"BreadcrumbList","@id":"https:\/\/www.laurent-lenfant.com\/photographie\/revolutions-reves-dune-jeunesse\/#breadcrumb","itemListElement":[{"@type":"ListItem","position":1,"name":"Accueil","item":"https:\/\/www.laurent-lenfant.com\/photographie\/"},{"@type":"ListItem","position":2,"name":"R\u00c9VOLUTIONS : R\u00eaves d&rsquo;une jeunesse"}]},{"@type":"WebSite","@id":"https:\/\/www.laurent-lenfant.com\/photographie\/#website","url":"https:\/\/www.laurent-lenfant.com\/photographie\/","name":"Laurent LENFANT | Photographe Avignon","description":"Portrait - Reportage - Illustration - Auteur","potentialAction":[{"@type":"SearchAction","target":{"@type":"EntryPoint","urlTemplate":"https:\/\/www.laurent-lenfant.com\/photographie\/?s={search_term_string}"},"query-input":{"@type":"PropertyValueSpecification","valueRequired":true,"valueName":"search_term_string"}}],"inLanguage":"fr-FR"}]}},"_links":{"self":[{"href":"https:\/\/www.laurent-lenfant.com\/photographie\/wp-json\/wp\/v2\/pages\/877","targetHints":{"allow":["GET"]}}],"collection":[{"href":"https:\/\/www.laurent-lenfant.com\/photographie\/wp-json\/wp\/v2\/pages"}],"about":[{"href":"https:\/\/www.laurent-lenfant.com\/photographie\/wp-json\/wp\/v2\/types\/page"}],"author":[{"embeddable":true,"href":"https:\/\/www.laurent-lenfant.com\/photographie\/wp-json\/wp\/v2\/users\/1"}],"replies":[{"embeddable":true,"href":"https:\/\/www.laurent-lenfant.com\/photographie\/wp-json\/wp\/v2\/comments?post=877"}],"version-history":[{"count":9,"href":"https:\/\/www.laurent-lenfant.com\/photographie\/wp-json\/wp\/v2\/pages\/877\/revisions"}],"predecessor-version":[{"id":915,"href":"https:\/\/www.laurent-lenfant.com\/photographie\/wp-json\/wp\/v2\/pages\/877\/revisions\/915"}],"wp:featuredmedia":[{"embeddable":true,"href":"https:\/\/www.laurent-lenfant.com\/photographie\/wp-json\/wp\/v2\/media\/908"}],"wp:attachment":[{"href":"https:\/\/www.laurent-lenfant.com\/photographie\/wp-json\/wp\/v2\/media?parent=877"}],"curies":[{"name":"wp","href":"https:\/\/api.w.org\/{rel}","templated":true}]}}